{"id":16447,"date":"2026-04-11T09:34:24","date_gmt":"2026-04-11T08:34:24","guid":{"rendered":"https:\/\/www.zenlong.es\/blogzenlong\/?post_type=tribe_events&#038;p=16447"},"modified":"2026-04-11T09:34:25","modified_gmt":"2026-04-11T08:34:25","slug":"acupuntura-emocional-y-psicotaoismo","status":"publish","type":"tribe_events","link":"https:\/\/www.zenlong.es\/blogzenlong\/eventos\/acupuntura-emocional-y-psicotaoismo\/","title":{"rendered":"Acupuntura Emocional y\u00a0Psicotao\u00edsmo"},"content":{"rendered":"\n<h4 class=\"wp-block-heading\">Profesor\u00a0Francesc\u00a0Mariegues<\/h4>\n\n\n\n<p>Formaci\u00f3n&nbsp;<strong>Online<\/strong>&nbsp;y&nbsp;<strong>Presencial<\/strong>&nbsp;en Barcelona&nbsp;<\/p>\n\n\n<div  class=\"tribe-events-schedule tribe-clearfix\" >\n\t<p class=\"tribe-events-schedule__datetime\">\n\t\t<span class=\"tribe-events-schedule__date tribe-events-schedule__date--start\">\n\t\t\tjunio 13\t\t<\/span>\n\n\t\t\t\t\t<span class=\"tribe-events-schedule__separator tribe-events-schedule__separator--date\">\n\t\t\t\t@\t\t\t<\/span>\n\t\t\t<span class=\"tribe-events-schedule__time tribe-events-schedule__time--start\">\n\t\t\t\t10:00\t\t\t<\/span>\n\t\t\n\t\t\t\t\t\t\t\t\t<span class=\"tribe-events-schedule__separator tribe-events-schedule__separator--time\">\n\t\t\t\t\t&#8211;\t\t\t\t<\/span>\n\t\t\t\n\t\t\t\t\t\t\t<span class=\"tribe-events-schedule__time tribe-events-schedule__time--end\">\n\t\t\t\t\t19:00\t\t\t\t<\/span>\n\t\t\t\n\t\t\t\t\t\t<\/p>\n<\/div>\n\n\n\n<p><\/p>\n\n\n\n<h3 class=\"wp-block-heading\">Beneficios de la Acupuntura emocional y psicotao\u00edsmo<\/h3>\n\n\n\n<p>Ganar una visi\u00f3n m\u00e1s global, profunda y pr\u00e1ctica del abordaje emocional\u200b<\/p>\n\n\n\n<p>Comprender mejor el\u00a0<strong>origen emocional<\/strong>\u00a0de muchos desequilibrios que aparecen en consulta.<\/p>\n\n\n\n<p>Aprender a\u00a0<strong>identificar patrones psicol\u00f3gicos<\/strong>\u00a0desde la visi\u00f3n de la MTC y las cinco fases.<\/p>\n\n\n\n<p>Traducir conceptos complejos a situaciones reales y cotidianas del paciente.<\/p>\n\n\n\n<p>Mejorar la escucha y la forma de preguntar para afinar la diferenciaci\u00f3n de s\u00edndromes.<\/p>\n\n\n\n<p>Ampliar recursos de intervenci\u00f3n m\u00e1s all\u00e1 del uso cl\u00e1sico de agujas y moxa.<\/p>\n\n\n<div  class=\"tribe-block tribe-block__event-price\" >\n\t\t<\/div>\n\n\n\n\n<div  class=\"tribe-block tribe-block__venue tribe-clearfix\" >\n\t\n\t\t\n\t<\/div>\n\n\n<div  class=\"tribe-block tribe-block__event-website\" >\n\t<a\n\t\thref=\"https:\/\/www.zenlong.es\/blogzenlong\/2026\/04\/11\/acupuntura-emocional-y-psicotaoismo\/\"\n\t\ttarget=\"_self\"\n\t\t\t>\n\t\tSaber m\u00e1s&#8230; \t<\/a>\n<\/div>\n\n\n\t<div  class=\"tribe-block tribe-block__events-link\" >\n\t\t<div class=\"tribe-events tribe-common\">\n\t\t\t<div class=\"tribe-events-c-subscribe-dropdown__container\">\n\t\t\t\t<div class=\"tribe-events-c-subscribe-dropdown\">\n\t\t\t\t\t<div class=\"tribe-common-c-btn-border tribe-events-c-subscribe-dropdown__button\">\n\t\t\t\t\t\t<svg\n\t class=\"tribe-common-c-svgicon tribe-common-c-svgicon--cal-export tribe-events-c-subscribe-dropdown__export-icon\" \taria-hidden=\"true\"\n\tviewBox=\"0 0 23 17\"\n\txmlns=\"http:\/\/www.w3.org\/2000\/svg\"\n>\n\t<path fill-rule=\"evenodd\" clip-rule=\"evenodd\" d=\"M.128.896V16.13c0 .211.145.383.323.383h15.354c.179 0 .323-.172.323-.383V.896c0-.212-.144-.383-.323-.383H.451C.273.513.128.684.128.896Zm16 6.742h-.901V4.679H1.009v10.729h14.218v-3.336h.901V7.638ZM1.01 1.614h14.218v2.058H1.009V1.614Z\" \/>\n\t<path d=\"M20.5 9.846H8.312M18.524 6.953l2.89 2.909-2.855 2.855\" stroke-width=\"1.2\" stroke-linecap=\"round\" stroke-linejoin=\"round\"\/>\n<\/svg>\n\t\t\t\t\t\t<button\n\t\t\t\t\t\t\tclass=\"tribe-events-c-subscribe-dropdown__button-text\"\n\t\t\t\t\t\t\taria-expanded=\"false\"\n\t\t\t\t\t\t\taria-controls=\"tribe-events-subscribe-dropdown-content\"\n\t\t\t\t\t\t\taria-label=\"Ver enlaces para a\u00f1adir eventos al calendario\"\n\t\t\t\t\t\t>\n\t\t\t\t\t\t\tA\u00f1adir al calendario\t\t\t\t\t\t<\/button>\n\t\t\t\t\t\t<svg\n\t class=\"tribe-common-c-svgicon tribe-common-c-svgicon--caret-down tribe-events-c-subscribe-dropdown__button-icon\" \taria-hidden=\"true\"\n\tviewBox=\"0 0 10 7\"\n\txmlns=\"http:\/\/www.w3.org\/2000\/svg\"\n>\n\t<path fill-rule=\"evenodd\" clip-rule=\"evenodd\" d=\"M1.008.609L5 4.6 8.992.61l.958.958L5 6.517.05 1.566l.958-.958z\" class=\"tribe-common-c-svgicon__svg-fill\"\/>\n<\/svg>\n\t\t\t\t\t<\/div>\n\t\t\t\t\t<div id=\"tribe-events-subscribe-dropdown-content\" class=\"tribe-events-c-subscribe-dropdown__content\">\n\t\t\t\t\t\t<ul class=\"tribe-events-c-subscribe-dropdown__list\">\n\t\t\t\t\t\t\t\t\t\t\t\t\t\t\t<li class=\"tribe-events-c-subscribe-dropdown__list-item tribe-events-c-subscribe-dropdown__list-item--gcal\">\n\t\t\t\t\t\t\t\t\t<a\n\t\t\t\t\t\t\t\t\t\thref=\"https:\/\/www.google.com\/calendar\/event?action=TEMPLATE&#038;dates=20260613T100000\/20260613T190000&#038;text=Acupuntura%20Emocional%20y%C2%A0Psicotao%C3%ADsmo&#038;details=%3Ch4+class%3D%22wp-block-heading%22%3EProfesor%C2%A0Francesc%C2%A0Mariegues%3C%2Fh4%3E%3Cp%3EFormaci%C3%B3n%26nbsp%3B%3Cstrong%3EOnline%3C%2Fstrong%3E%26nbsp%3By%26nbsp%3B%3Cstrong%3EPresencial%3C%2Fstrong%3E%26nbsp%3Ben+Barcelona%26nbsp%3B%3C%2Fp%3E+%3Cp%3E%3C%2Fp%3E+%3Ch3+class%3D%22wp-block-heading%22%3EBeneficios+de+la+Acupuntura+emocional+y+psicotao%C3%ADsmo%3C%2Fh3%3E%3Cp%3EGanar+una+visi%C3%B3n+m%C3%A1s+global%2C+profunda+y+pr%C3%A1ctica+del+abordaje+emocional%E2%80%8B%3C%2Fp%3E+%3Cp%3EComprender+mejor+el%C2%A0%3Cstrong%3Eorigen+emocional%3C%2Fstrong%3E%C2%A0de+muchos+desequilibrios+que+aparecen+en+consulta.%3C%2Fp%3E+%3Cp%3EAprender+a%C2%A0%3Cstrong%3Eidentificar+patrones+psicol%C3%B3gicos%3C%2Fstrong%3E%C2%A0desde+la+visi%C3%B3n+de+la+MTC+y+las+cinco+fases.%3C%2Fp%3E+%3Cp%3ETraducir+conceptos+complejos+a+situaciones+reales+y+cotidianas+del+paciente.%3C%2Fp%3E+%3Cp%3EMejorar+la+escucha+y+la+forma+de+preguntar+para+afinar+la+diferenciaci%C3%B3n+de+s%C3%ADndromes.%3C%2Fp%3E+%3Cp%3EAmpliar+recursos+de+intervenci%C3%B3n+m%C3%A1s+all%C3%A1+del+uso+cl%C3%A1sico+de+agujas+y+moxa.%3C%2Fp%3E+%3Cp%3E%3C%2Fp%3E+&#038;trp=false&#038;ctz=UTC+1&#038;sprop=website:https:\/\/www.zenlong.es\/blogzenlong\"\n\t\t\t\t\t\t\t\t\t\tclass=\"tribe-events-c-subscribe-dropdown__list-item-link\"\n\t\t\t\t\t\t\t\t\t\ttarget=\"_blank\"\n\t\t\t\t\t\t\t\t\t\trel=\"noopener noreferrer nofollow noindex\"\n\t\t\t\t\t\t\t\t\t>\n\t\t\t\t\t\t\t\t\t\tGoogle Calendar\t\t\t\t\t\t\t\t\t<\/a>\n\t\t\t\t\t\t\t\t<\/li>\n\t\t\t\t\t\t\t\t\t\t\t\t\t\t\t<li class=\"tribe-events-c-subscribe-dropdown__list-item tribe-events-c-subscribe-dropdown__list-item--ical\">\n\t\t\t\t\t\t\t\t\t<a\n\t\t\t\t\t\t\t\t\t\thref=\"\"\n\t\t\t\t\t\t\t\t\t\tclass=\"tribe-events-c-subscribe-dropdown__list-item-link\"\n\t\t\t\t\t\t\t\t\t\ttarget=\"_blank\"\n\t\t\t\t\t\t\t\t\t\trel=\"noopener noreferrer nofollow noindex\"\n\t\t\t\t\t\t\t\t\t>\n\t\t\t\t\t\t\t\t\t\tiCalendar\t\t\t\t\t\t\t\t\t<\/a>\n\t\t\t\t\t\t\t\t<\/li>\n\t\t\t\t\t\t\t\t\t\t\t\t\t\t\t<li class=\"tribe-events-c-subscribe-dropdown__list-item tribe-events-c-subscribe-dropdown__list-item--outlook-365\">\n\t\t\t\t\t\t\t\t\t<a\n\t\t\t\t\t\t\t\t\t\thref=\"\"\n\t\t\t\t\t\t\t\t\t\tclass=\"tribe-events-c-subscribe-dropdown__list-item-link\"\n\t\t\t\t\t\t\t\t\t\ttarget=\"_blank\"\n\t\t\t\t\t\t\t\t\t\trel=\"noopener noreferrer nofollow noindex\"\n\t\t\t\t\t\t\t\t\t>\n\t\t\t\t\t\t\t\t\t\tOutlook 365\t\t\t\t\t\t\t\t\t<\/a>\n\t\t\t\t\t\t\t\t<\/li>\n\t\t\t\t\t\t\t\t\t\t\t\t\t\t\t<li class=\"tribe-events-c-subscribe-dropdown__list-item tribe-events-c-subscribe-dropdown__list-item--outlook-live\">\n\t\t\t\t\t\t\t\t\t<a\n\t\t\t\t\t\t\t\t\t\thref=\"\"\n\t\t\t\t\t\t\t\t\t\tclass=\"tribe-events-c-subscribe-dropdown__list-item-link\"\n\t\t\t\t\t\t\t\t\t\ttarget=\"_blank\"\n\t\t\t\t\t\t\t\t\t\trel=\"noopener noreferrer nofollow noindex\"\n\t\t\t\t\t\t\t\t\t>\n\t\t\t\t\t\t\t\t\t\tOutlook Live\t\t\t\t\t\t\t\t\t<\/a>\n\t\t\t\t\t\t\t\t<\/li>\n\t\t\t\t\t\t\t\t\t\t\t\t\t<\/ul>\n\t\t\t\t\t<\/div>\n\t\t\t\t<\/div>\n\t\t\t<\/div>\n\t\t<\/div>\n\t<\/div>\n\n\n\n\n<p><\/p>\n","protected":false},"excerpt":{"rendered":"<p>Profesor\u00a0Francesc\u00a0Mariegues Formaci\u00f3n&nbsp;Online&nbsp;y&nbsp;Presencial&nbsp;en Barcelona&nbsp; Beneficios de la Acupuntura emocional y psicotao\u00edsmo Ganar una visi\u00f3n m\u00e1s global, profunda y pr\u00e1ctica del abordaje emocional\u200b Comprender mejor el\u00a0origen emocional\u00a0de muchos desequilibrios que aparecen en [&hellip;]<\/p>\n","protected":false},"author":2,"featured_media":0,"template":"","meta":{"site-sidebar-layout":"default","site-content-layout":"","ast-site-content-layout":"default","site-content-style":"default","site-sidebar-style":"default","ast-global-header-display":"","ast-banner-title-visibility":"","ast-main-header-display":"","ast-hfb-above-header-display":"","ast-hfb-below-header-display":"","ast-hfb-mobile-header-display":"","site-post-title":"","ast-breadcrumbs-content":"","ast-featured-img":"","footer-sml-layout":"","theme-transparent-header-meta":"","adv-header-id-meta":"","stick-header-meta":"","header-above-stick-meta":"","header-main-stick-meta":"","header-below-stick-meta":"","astra-migrate-meta-layouts":"set","ast-page-background-enabled":"default","ast-page-background-meta":{"desktop":{"background-color":"","background-image":"","background-repeat":"repeat","background-position":"center center","background-size":"auto","background-attachment":"scroll","background-type":"","background-media":"","overlay-type":"","overlay-color":"","overlay-gradient":""},"tablet":{"background-color":"","background-image":"","background-repeat":"repeat","background-position":"center center","background-size":"auto","background-attachment":"scroll","background-type":"","background-media":"","overlay-type":"","overlay-color":"","overlay-gradient":""},"mobile":{"background-color":"","background-image":"","background-repeat":"repeat","background-position":"center center","background-size":"auto","background-attachment":"scroll","background-type":"","background-media":"","overlay-type":"","overlay-color":"","overlay-gradient":""}},"ast-content-background-meta":{"desktop":{"background-color":"var(--ast-global-color-5)","background-image":"","background-repeat":"repeat","background-position":"center center","background-size":"auto","background-attachment":"scroll","background-type":"","background-media":"","overlay-type":"","overlay-color":"","overlay-gradient":""},"tablet":{"background-color":"var(--ast-global-color-5)","background-image":"","background-repeat":"repeat","background-position":"center center","background-size":"auto","background-attachment":"scroll","background-type":"","background-media":"","overlay-type":"","overlay-color":"","overlay-gradient":""},"mobile":{"background-color":"var(--ast-global-color-5)","background-image":"","background-repeat":"repeat","background-position":"center center","background-size":"auto","background-attachment":"scroll","background-type":"","background-media":"","overlay-type":"","overlay-color":"","overlay-gradient":""}},"_EventAllDay":false,"_EventTimezone":"UTC+1","_EventStartDate":"2026-06-13 10:00:00","_EventEndDate":"2026-06-13 19:00:00","_EventStartDateUTC":"2026-06-13 08:00:00","_EventEndDateUTC":"2026-06-13 17:00:00","_EventShowMap":false,"_EventShowMapLink":false,"_EventURL":"https:\/\/www.zenlong.es\/blogzenlong\/2026\/04\/11\/acupuntura-emocional-y-psicotaoismo\/","_EventCost":"","_EventCostDescription":"","_EventCurrencySymbol":"$","_EventCurrencyCode":"USD","_EventCurrencyPosition":"prefix","_EventDateTimeSeparator":"@","_EventTimeRangeSeparator":"-","_EventOrganizerID":[],"_EventVenueID":[],"_OrganizerEmail":"","_OrganizerPhone":"","_OrganizerWebsite":"","_VenueAddress":"","_VenueCity":"","_VenueCountry":"","_VenueProvince":"","_VenueState":"","_VenueZip":"","_VenuePhone":"","_VenueURL":"","_VenueStateProvince":"","_VenueLat":"","_VenueLng":"","_VenueShowMap":false,"_VenueShowMapLink":false,"_tribe_events_status":"","_tribe_events_status_reason":"","footnotes":""},"tags":[],"tribe_events_cat":[420],"class_list":["post-16447","tribe_events","type-tribe_events","status-publish","hentry","tribe_events_cat-cursos","cat_cursos"],"yoast_head":"<!-- This site is optimized with the Yoast SEO plugin v27.5 - https:\/\/yoast.com\/product\/yoast-seo-wordpress\/ -->\n<title>Acupuntura Emocional y\u00a0Psicotao\u00edsmo - Blog Zenlong<\/title>\n<meta name=\"robots\" content=\"index, follow, max-snippet:-1, max-image-preview:large, max-video-preview:-1\" \/>\n<link rel=\"canonical\" href=\"https:\/\/www.zenlong.es\/blogzenlong\/eventos\/acupuntura-emocional-y-psicotaoismo\/\" \/>\n<meta property=\"og:locale\" content=\"es_ES\" \/>\n<meta property=\"og:type\" content=\"article\" \/>\n<meta property=\"og:title\" content=\"Acupuntura Emocional y\u00a0Psicotao\u00edsmo - Blog Zenlong\" \/>\n<meta property=\"og:description\" content=\"Profesor\u00a0Francesc\u00a0Mariegues Formaci\u00f3n&nbsp;Online&nbsp;y&nbsp;Presencial&nbsp;en Barcelona&nbsp; Beneficios de la Acupuntura emocional y psicotao\u00edsmo Ganar una visi\u00f3n m\u00e1s global, profunda y pr\u00e1ctica del abordaje emocional\u200b Comprender mejor el\u00a0origen emocional\u00a0de muchos desequilibrios que aparecen en [&hellip;]\" \/>\n<meta property=\"og:url\" content=\"https:\/\/www.zenlong.es\/blogzenlong\/eventos\/acupuntura-emocional-y-psicotaoismo\/\" \/>\n<meta property=\"og:site_name\" content=\"Blog Zenlong\" \/>\n<meta property=\"article:publisher\" content=\"https:\/\/www.facebook.com\/ZenLong.Barcelona\" \/>\n<meta property=\"article:modified_time\" content=\"2026-04-11T08:34:25+00:00\" \/>\n<meta name=\"twitter:card\" content=\"summary_large_image\" \/>\n<meta name=\"twitter:site\" content=\"@ZenLongBB\" \/>\n<meta name=\"twitter:label1\" content=\"Tiempo de lectura\" \/>\n\t<meta name=\"twitter:data1\" content=\"1 minuto\" \/>\n<script type=\"application\/ld+json\" class=\"yoast-schema-graph\">{\"@context\":\"https:\\\/\\\/schema.org\",\"@graph\":[{\"@type\":\"WebPage\",\"@id\":\"https:\\\/\\\/www.zenlong.es\\\/blogzenlong\\\/eventos\\\/acupuntura-emocional-y-psicotaoismo\\\/\",\"url\":\"https:\\\/\\\/www.zenlong.es\\\/blogzenlong\\\/eventos\\\/acupuntura-emocional-y-psicotaoismo\\\/\",\"name\":\"Acupuntura Emocional y\u00a0Psicotao\u00edsmo - Blog Zenlong\",\"isPartOf\":{\"@id\":\"https:\\\/\\\/www.zenlong.es\\\/blogzenlong\\\/#website\"},\"datePublished\":\"2026-04-11T08:34:24+00:00\",\"dateModified\":\"2026-04-11T08:34:25+00:00\",\"breadcrumb\":{\"@id\":\"https:\\\/\\\/www.zenlong.es\\\/blogzenlong\\\/eventos\\\/acupuntura-emocional-y-psicotaoismo\\\/#breadcrumb\"},\"inLanguage\":\"es\",\"potentialAction\":[{\"@type\":\"ReadAction\",\"target\":[\"https:\\\/\\\/www.zenlong.es\\\/blogzenlong\\\/eventos\\\/acupuntura-emocional-y-psicotaoismo\\\/\"]}]},{\"@type\":\"BreadcrumbList\",\"@id\":\"https:\\\/\\\/www.zenlong.es\\\/blogzenlong\\\/eventos\\\/acupuntura-emocional-y-psicotaoismo\\\/#breadcrumb\",\"itemListElement\":[{\"@type\":\"ListItem\",\"position\":1,\"name\":\"Portada\",\"item\":\"https:\\\/\\\/www.zenlong.es\\\/blogzenlong\\\/\"},{\"@type\":\"ListItem\",\"position\":2,\"name\":\"Eventos\",\"item\":\"https:\\\/\\\/www.zenlong.es\\\/blogzenlong\\\/calendarios\\\/\"},{\"@type\":\"ListItem\",\"position\":3,\"name\":\"Acupuntura Emocional y\u00a0Psicotao\u00edsmo\"}]},{\"@type\":\"WebSite\",\"@id\":\"https:\\\/\\\/www.zenlong.es\\\/blogzenlong\\\/#website\",\"url\":\"https:\\\/\\\/www.zenlong.es\\\/blogzenlong\\\/\",\"name\":\"Blog Zenlong\",\"description\":\"Recomendaciones de Salud y Bienestar y formaci\u00f3n continuada para profesionales de la salud\",\"publisher\":{\"@id\":\"https:\\\/\\\/www.zenlong.es\\\/blogzenlong\\\/#organization\"},\"potentialAction\":[{\"@type\":\"SearchAction\",\"target\":{\"@type\":\"EntryPoint\",\"urlTemplate\":\"https:\\\/\\\/www.zenlong.es\\\/blogzenlong\\\/?s={search_term_string}\"},\"query-input\":{\"@type\":\"PropertyValueSpecification\",\"valueRequired\":true,\"valueName\":\"search_term_string\"}}],\"inLanguage\":\"es\"},{\"@type\":\"Organization\",\"@id\":\"https:\\\/\\\/www.zenlong.es\\\/blogzenlong\\\/#organization\",\"name\":\"Blog Zenlong\",\"url\":\"https:\\\/\\\/www.zenlong.es\\\/blogzenlong\\\/\",\"logo\":{\"@type\":\"ImageObject\",\"inLanguage\":\"es\",\"@id\":\"https:\\\/\\\/www.zenlong.es\\\/blogzenlong\\\/#\\\/schema\\\/logo\\\/image\\\/\",\"url\":\"https:\\\/\\\/www.zenlong.es\\\/blogzenlong\\\/wp-content\\\/uploads\\\/2022\\\/03\\\/cropped-Blog-Logo-Zenlong.png\",\"contentUrl\":\"https:\\\/\\\/www.zenlong.es\\\/blogzenlong\\\/wp-content\\\/uploads\\\/2022\\\/03\\\/cropped-Blog-Logo-Zenlong.png\",\"width\":120,\"height\":80,\"caption\":\"Blog Zenlong\"},\"image\":{\"@id\":\"https:\\\/\\\/www.zenlong.es\\\/blogzenlong\\\/#\\\/schema\\\/logo\\\/image\\\/\"},\"sameAs\":[\"https:\\\/\\\/www.facebook.com\\\/ZenLong.Barcelona\",\"https:\\\/\\\/x.com\\\/ZenLongBB\",\"https:\\\/\\\/www.instagram.com\\\/zenlong.barcelona\\\/\",\"https:\\\/\\\/www.youtube.com\\\/user\\\/zenlongtv\"]}]}<\/script>\n<!-- \/ Yoast SEO plugin. -->","yoast_head_json":{"title":"Acupuntura Emocional y\u00a0Psicotao\u00edsmo - Blog Zenlong","robots":{"index":"index","follow":"follow","max-snippet":"max-snippet:-1","max-image-preview":"max-image-preview:large","max-video-preview":"max-video-preview:-1"},"canonical":"https:\/\/www.zenlong.es\/blogzenlong\/eventos\/acupuntura-emocional-y-psicotaoismo\/","og_locale":"es_ES","og_type":"article","og_title":"Acupuntura Emocional y\u00a0Psicotao\u00edsmo - Blog Zenlong","og_description":"Profesor\u00a0Francesc\u00a0Mariegues Formaci\u00f3n&nbsp;Online&nbsp;y&nbsp;Presencial&nbsp;en Barcelona&nbsp; Beneficios de la Acupuntura emocional y psicotao\u00edsmo Ganar una visi\u00f3n m\u00e1s global, profunda y pr\u00e1ctica del abordaje emocional\u200b Comprender mejor el\u00a0origen emocional\u00a0de muchos desequilibrios que aparecen en [&hellip;]","og_url":"https:\/\/www.zenlong.es\/blogzenlong\/eventos\/acupuntura-emocional-y-psicotaoismo\/","og_site_name":"Blog Zenlong","article_publisher":"https:\/\/www.facebook.com\/ZenLong.Barcelona","article_modified_time":"2026-04-11T08:34:25+00:00","twitter_card":"summary_large_image","twitter_site":"@ZenLongBB","twitter_misc":{"Tiempo de lectura":"1 minuto"},"schema":{"@context":"https:\/\/schema.org","@graph":[{"@type":"WebPage","@id":"https:\/\/www.zenlong.es\/blogzenlong\/eventos\/acupuntura-emocional-y-psicotaoismo\/","url":"https:\/\/www.zenlong.es\/blogzenlong\/eventos\/acupuntura-emocional-y-psicotaoismo\/","name":"Acupuntura Emocional y\u00a0Psicotao\u00edsmo - Blog Zenlong","isPartOf":{"@id":"https:\/\/www.zenlong.es\/blogzenlong\/#website"},"datePublished":"2026-04-11T08:34:24+00:00","dateModified":"2026-04-11T08:34:25+00:00","breadcrumb":{"@id":"https:\/\/www.zenlong.es\/blogzenlong\/eventos\/acupuntura-emocional-y-psicotaoismo\/#breadcrumb"},"inLanguage":"es","potentialAction":[{"@type":"ReadAction","target":["https:\/\/www.zenlong.es\/blogzenlong\/eventos\/acupuntura-emocional-y-psicotaoismo\/"]}]},{"@type":"BreadcrumbList","@id":"https:\/\/www.zenlong.es\/blogzenlong\/eventos\/acupuntura-emocional-y-psicotaoismo\/#breadcrumb","itemListElement":[{"@type":"ListItem","position":1,"name":"Portada","item":"https:\/\/www.zenlong.es\/blogzenlong\/"},{"@type":"ListItem","position":2,"name":"Eventos","item":"https:\/\/www.zenlong.es\/blogzenlong\/calendarios\/"},{"@type":"ListItem","position":3,"name":"Acupuntura Emocional y\u00a0Psicotao\u00edsmo"}]},{"@type":"WebSite","@id":"https:\/\/www.zenlong.es\/blogzenlong\/#website","url":"https:\/\/www.zenlong.es\/blogzenlong\/","name":"Blog Zenlong","description":"Recomendaciones de Salud y Bienestar y formaci\u00f3n continuada para profesionales de la salud","publisher":{"@id":"https:\/\/www.zenlong.es\/blogzenlong\/#organization"},"potentialAction":[{"@type":"SearchAction","target":{"@type":"EntryPoint","urlTemplate":"https:\/\/www.zenlong.es\/blogzenlong\/?s={search_term_string}"},"query-input":{"@type":"PropertyValueSpecification","valueRequired":true,"valueName":"search_term_string"}}],"inLanguage":"es"},{"@type":"Organization","@id":"https:\/\/www.zenlong.es\/blogzenlong\/#organization","name":"Blog Zenlong","url":"https:\/\/www.zenlong.es\/blogzenlong\/","logo":{"@type":"ImageObject","inLanguage":"es","@id":"https:\/\/www.zenlong.es\/blogzenlong\/#\/schema\/logo\/image\/","url":"https:\/\/www.zenlong.es\/blogzenlong\/wp-content\/uploads\/2022\/03\/cropped-Blog-Logo-Zenlong.png","contentUrl":"https:\/\/www.zenlong.es\/blogzenlong\/wp-content\/uploads\/2022\/03\/cropped-Blog-Logo-Zenlong.png","width":120,"height":80,"caption":"Blog Zenlong"},"image":{"@id":"https:\/\/www.zenlong.es\/blogzenlong\/#\/schema\/logo\/image\/"},"sameAs":["https:\/\/www.facebook.com\/ZenLong.Barcelona","https:\/\/x.com\/ZenLongBB","https:\/\/www.instagram.com\/zenlong.barcelona\/","https:\/\/www.youtube.com\/user\/zenlongtv"]}]}},"_links":{"self":[{"href":"https:\/\/www.zenlong.es\/blogzenlong\/wp-json\/wp\/v2\/tribe_events\/16447","targetHints":{"allow":["GET"]}}],"collection":[{"href":"https:\/\/www.zenlong.es\/blogzenlong\/wp-json\/wp\/v2\/tribe_events"}],"about":[{"href":"https:\/\/www.zenlong.es\/blogzenlong\/wp-json\/wp\/v2\/types\/tribe_events"}],"author":[{"embeddable":true,"href":"https:\/\/www.zenlong.es\/blogzenlong\/wp-json\/wp\/v2\/users\/2"}],"version-history":[{"count":1,"href":"https:\/\/www.zenlong.es\/blogzenlong\/wp-json\/wp\/v2\/tribe_events\/16447\/revisions"}],"predecessor-version":[{"id":16448,"href":"https:\/\/www.zenlong.es\/blogzenlong\/wp-json\/wp\/v2\/tribe_events\/16447\/revisions\/16448"}],"wp:attachment":[{"href":"https:\/\/www.zenlong.es\/blogzenlong\/wp-json\/wp\/v2\/media?parent=16447"}],"wp:term":[{"taxonomy":"post_tag","embeddable":true,"href":"https:\/\/www.zenlong.es\/blogzenlong\/wp-json\/wp\/v2\/tags?post=16447"},{"taxonomy":"tribe_events_cat","embeddable":true,"href":"https:\/\/www.zenlong.es\/blogzenlong\/wp-json\/wp\/v2\/tribe_events_cat?post=16447"}],"curies":[{"name":"wp","href":"https:\/\/api.w.org\/{rel}","templated":true}]}}